{"id":180,"date":"2020-02-26T10:41:43","date_gmt":"2020-02-26T09:41:43","guid":{"rendered":"http:\/\/cg-architecte.fr\/?post_type=portfolio&#038;p=180"},"modified":"2020-12-14T09:09:26","modified_gmt":"2020-12-14T08:09:26","slug":"renovation-extension","status":"publish","type":"portfolio","link":"http:\/\/cg-architecte.fr\/index.php\/portfolio\/renovation-extension\/","title":{"rendered":"R\u00e9novation Extension E"},"content":{"rendered":"\n<ul><li>Ma\u00eetrise d\u2019ouvrage : Priv\u00e9e<\/li><li>Lieu : Rennes (35)<\/li><li>Surface (SHAB) : 57m\u00b2 cr\u00e9\u00e9e + r\u00e9novation partielle<\/li><li>Ann\u00e9e : 2017<\/li><li>Mission&nbsp;: compl\u00e8te<\/li><li>Caract\u00e9ristique environnementale&nbsp;: r\u00e9novation \u00e9nerg\u00e9tique par ITE, extension bioclimatique, plancher chauffant, po\u00eale \u00e0 bois.  <\/li><\/ul>\n\n\n\n<p>Cette maison des ann\u00e9es 60, rest\u00e9e dans son jus d\u2019origine, n\u00e9cessitait un rafra\u00eechissement, une mise aux normes thermiques et une valorisation de son rez-de-jardin.<\/p>\n\n\n\n<p>L\u2019objectif premier de cette maison a \u00e9t\u00e9 de placer son espace de vie en rez-de-chauss\u00e9e au coeur du jardin. Un espace de travail l\u2019accompagne, avec l\u2019accessibilit\u00e9 n\u00e9cessaire pour les personnes \u00e0 mobilit\u00e9 r\u00e9duite.<\/p>\n\n\n\n<p>L\u2019\u00e9tage a \u00e9t\u00e9 recompos\u00e9 pour y trouver une grande salle de bain et un dressing tout en conservant les \u00e9l\u00e9ments vintage de ces espaces comme les carreaux de ciment bicolores.<\/p>\n","protected":false},"excerpt":{"rendered":"<p>Ma\u00eetrise d\u2019ouvrage : Priv\u00e9e Lieu : Rennes (35) Surface (SHAB) : 57m\u00b2 cr\u00e9\u00e9e + r\u00e9novation partielle Ann\u00e9e : 2017 Mission&nbsp;: compl\u00e8te Caract\u00e9ristique environnementale&nbsp;: r\u00e9novation \u00e9nerg\u00e9tique par ITE, extension bioclimatique, plancher chauffant, po\u00eale \u00e0 bois. Cette maison des ann\u00e9es 60, rest\u00e9e dans son jus d\u2019origine, n\u00e9cessitait un rafra\u00eechissement, une mise aux normes thermiques et une valorisation&hellip;<\/p>\n","protected":false},"author":1,"featured_media":182,"comment_status":"open","ping_status":"closed","template":"","meta":[],"portfolio_category":[3,4],"portfolio_tag":[],"_links":{"self":[{"href":"http:\/\/cg-architecte.fr\/index.php\/wp-json\/wp\/v2\/portfolio\/180"}],"collection":[{"href":"http:\/\/cg-architecte.fr\/index.php\/wp-json\/wp\/v2\/portfolio"}],"about":[{"href":"http:\/\/cg-architecte.fr\/index.php\/wp-json\/wp\/v2\/types\/portfolio"}],"author":[{"embeddable":true,"href":"http:\/\/cg-architecte.fr\/index.php\/wp-json\/wp\/v2\/users\/1"}],"replies":[{"embeddable":true,"href":"http:\/\/cg-architecte.fr\/index.php\/wp-json\/wp\/v2\/comments?post=180"}],"version-history":[{"count":17,"href":"http:\/\/cg-architecte.fr\/index.php\/wp-json\/wp\/v2\/portfolio\/180\/revisions"}],"predecessor-version":[{"id":549,"href":"http:\/\/cg-architecte.fr\/index.php\/wp-json\/wp\/v2\/portfolio\/180\/revisions\/549"}],"wp:featuredmedia":[{"embeddable":true,"href":"http:\/\/cg-architecte.fr\/index.php\/wp-json\/wp\/v2\/media\/182"}],"wp:attachment":[{"href":"http:\/\/cg-architecte.fr\/index.php\/wp-json\/wp\/v2\/media?parent=180"}],"wp:term":[{"taxonomy":"portfolio_category","embeddable":true,"href":"http:\/\/cg-architecte.fr\/index.php\/wp-json\/wp\/v2\/portfolio_category?post=180"},{"taxonomy":"portfolio_tag","embeddable":true,"href":"http:\/\/cg-architecte.fr\/index.php\/wp-json\/wp\/v2\/portfolio_tag?post=180"}],"curies":[{"name":"wp","href":"https:\/\/api.w.org\/{rel}","templated":true}]}}