{"id":149,"date":"2020-02-22T09:34:01","date_gmt":"2020-02-22T08:34:01","guid":{"rendered":"http:\/\/cg-architecte.fr\/?post_type=portfolio&#038;p=149"},"modified":"2020-09-04T16:53:10","modified_gmt":"2020-09-04T14:53:10","slug":"renovation-amenagement","status":"publish","type":"portfolio","link":"http:\/\/cg-architecte.fr\/index.php\/portfolio\/renovation-amenagement\/","title":{"rendered":"R\u00e9novation am\u00e9nagement BK"},"content":{"rendered":"\n<ul><li>Ma\u00eetrise d\u2019ouvrage : Priv\u00e9e<\/li><li>Lieu : Rennes (35)<\/li><li>Surface (SHAB) : 213m\u00b2&nbsp; r\u00e9novation totale<\/li><li>Ann\u00e9e : 2014<\/li><li>Mission&nbsp;: compl\u00e8te<\/li><li>Caract\u00e9ristique\nenvironnementale&nbsp;: r\u00e9novation bioclimatique.<\/li><li>Collaboration&nbsp;: bureau d\u2019\u00e9tudes\nstructure Forces et Appuis<\/li><\/ul>\n\n\n\n<p>Construite en 1953, cette maison aux volumes g\u00e9n\u00e9reux et tourn\u00e9e vers la rue se situe dans un quartier de maisons anciennes, dot\u00e9es de jardin, proches du centre-ville. L\u2019intensification de la circulation rennaise modifie son appr\u00e9hension.<\/p>\n\n\n\n<p>Au-del\u00e0 de l\u2019optimisation des espaces importants de greniers, le salon-s\u00e9jour et la cuisine ont \u00e9t\u00e9 r\u00e9orient\u00e9s vers le jardin en ouvrant largement cette fa\u00e7ade d\u00e9laiss\u00e9e offrant apaisement et lumi\u00e8re.<\/p>\n","protected":false},"excerpt":{"rendered":"<p>Ma\u00eetrise d\u2019ouvrage : Priv\u00e9e Lieu : Rennes (35) Surface (SHAB) : 213m\u00b2&nbsp; r\u00e9novation totale Ann\u00e9e : 2014 Mission&nbsp;: compl\u00e8te Caract\u00e9ristique environnementale&nbsp;: r\u00e9novation bioclimatique. Collaboration&nbsp;: bureau d\u2019\u00e9tudes structure Forces et Appuis Construite en 1953, cette maison aux volumes g\u00e9n\u00e9reux et tourn\u00e9e vers la rue se situe dans un quartier de maisons anciennes, dot\u00e9es de jardin, proches&hellip;<\/p>\n","protected":false},"author":1,"featured_media":151,"comment_status":"open","ping_status":"closed","template":"","meta":[],"portfolio_category":[4],"portfolio_tag":[],"_links":{"self":[{"href":"http:\/\/cg-architecte.fr\/index.php\/wp-json\/wp\/v2\/portfolio\/149"}],"collection":[{"href":"http:\/\/cg-architecte.fr\/index.php\/wp-json\/wp\/v2\/portfolio"}],"about":[{"href":"http:\/\/cg-architecte.fr\/index.php\/wp-json\/wp\/v2\/types\/portfolio"}],"author":[{"embeddable":true,"href":"http:\/\/cg-architecte.fr\/index.php\/wp-json\/wp\/v2\/users\/1"}],"replies":[{"embeddable":true,"href":"http:\/\/cg-architecte.fr\/index.php\/wp-json\/wp\/v2\/comments?post=149"}],"version-history":[{"count":15,"href":"http:\/\/cg-architecte.fr\/index.php\/wp-json\/wp\/v2\/portfolio\/149\/revisions"}],"predecessor-version":[{"id":543,"href":"http:\/\/cg-architecte.fr\/index.php\/wp-json\/wp\/v2\/portfolio\/149\/revisions\/543"}],"wp:featuredmedia":[{"embeddable":true,"href":"http:\/\/cg-architecte.fr\/index.php\/wp-json\/wp\/v2\/media\/151"}],"wp:attachment":[{"href":"http:\/\/cg-architecte.fr\/index.php\/wp-json\/wp\/v2\/media?parent=149"}],"wp:term":[{"taxonomy":"portfolio_category","embeddable":true,"href":"http:\/\/cg-architecte.fr\/index.php\/wp-json\/wp\/v2\/portfolio_category?post=149"},{"taxonomy":"portfolio_tag","embeddable":true,"href":"http:\/\/cg-architecte.fr\/index.php\/wp-json\/wp\/v2\/portfolio_tag?post=149"}],"curies":[{"name":"wp","href":"https:\/\/api.w.org\/{rel}","templated":true}]}}