{"id":138,"date":"2020-02-22T09:21:36","date_gmt":"2020-02-22T08:21:36","guid":{"rendered":"http:\/\/cg-architecte.fr\/?post_type=portfolio&#038;p=138"},"modified":"2020-12-09T17:38:50","modified_gmt":"2020-12-09T16:38:50","slug":"transformation-renovation","status":"publish","type":"portfolio","link":"http:\/\/cg-architecte.fr\/index.php\/portfolio\/transformation-renovation\/","title":{"rendered":"Transformation r\u00e9novation L"},"content":{"rendered":"\n<ul><li>Ma\u00eetrise d\u2019ouvrage : Priv\u00e9e<\/li><li>Lieu : Betton (35)<\/li><li>Surface (SHAB) : 95m\u00b2 transform\u00e9e + r\u00e9novation partielle<\/li><li>Ann\u00e9e : 2013<\/li><li>Mission\u00a0: compl\u00e8te<\/li><li>Caract\u00e9ristique environnementale\u00a0: r\u00e9novation bioclimatique, r\u00e9gulation thermique par un enduit chaux chanvre, chauffage et eau chaude sanitaire en g\u00e9othermie, plancher chauffant.<\/li><\/ul>\n\n\n\n<p>Faisant partie d\u2019un hameau, nombreux dans la campagne bettonnaise, un g\u00eete d\u00e9fra\u00eechi et un grange sont r\u00e9nov\u00e9s et transform\u00e9s. Apr\u00e8s l\u2019\u00e9tude de plusieurs configurations spatiales, la souplesse d\u2019espace et l\u2019\u00e9loignement des autres habitats ont orient\u00e9s le projet vers la transformation de la grange, le coeur de la maison. Toutes les pi\u00e8ces principales sont orient\u00e9es au sud.<\/p>\n","protected":false},"excerpt":{"rendered":"<p>Ma\u00eetrise d\u2019ouvrage : Priv\u00e9e Lieu : Betton (35) Surface (SHAB) : 95m\u00b2 transform\u00e9e + r\u00e9novation partielle Ann\u00e9e : 2013 Mission\u00a0: compl\u00e8te Caract\u00e9ristique environnementale\u00a0: r\u00e9novation bioclimatique, r\u00e9gulation thermique par un enduit chaux chanvre, chauffage et eau chaude sanitaire en g\u00e9othermie, plancher chauffant. Faisant partie d\u2019un hameau, nombreux dans la campagne bettonnaise, un g\u00eete d\u00e9fra\u00eechi et un&hellip;<\/p>\n","protected":false},"author":1,"featured_media":365,"comment_status":"open","ping_status":"closed","template":"","meta":[],"portfolio_category":[4],"portfolio_tag":[],"_links":{"self":[{"href":"http:\/\/cg-architecte.fr\/index.php\/wp-json\/wp\/v2\/portfolio\/138"}],"collection":[{"href":"http:\/\/cg-architecte.fr\/index.php\/wp-json\/wp\/v2\/portfolio"}],"about":[{"href":"http:\/\/cg-architecte.fr\/index.php\/wp-json\/wp\/v2\/types\/portfolio"}],"author":[{"embeddable":true,"href":"http:\/\/cg-architecte.fr\/index.php\/wp-json\/wp\/v2\/users\/1"}],"replies":[{"embeddable":true,"href":"http:\/\/cg-architecte.fr\/index.php\/wp-json\/wp\/v2\/comments?post=138"}],"version-history":[{"count":19,"href":"http:\/\/cg-architecte.fr\/index.php\/wp-json\/wp\/v2\/portfolio\/138\/revisions"}],"predecessor-version":[{"id":690,"href":"http:\/\/cg-architecte.fr\/index.php\/wp-json\/wp\/v2\/portfolio\/138\/revisions\/690"}],"wp:featuredmedia":[{"embeddable":true,"href":"http:\/\/cg-architecte.fr\/index.php\/wp-json\/wp\/v2\/media\/365"}],"wp:attachment":[{"href":"http:\/\/cg-architecte.fr\/index.php\/wp-json\/wp\/v2\/media?parent=138"}],"wp:term":[{"taxonomy":"portfolio_category","embeddable":true,"href":"http:\/\/cg-architecte.fr\/index.php\/wp-json\/wp\/v2\/portfolio_category?post=138"},{"taxonomy":"portfolio_tag","embeddable":true,"href":"http:\/\/cg-architecte.fr\/index.php\/wp-json\/wp\/v2\/portfolio_tag?post=138"}],"curies":[{"name":"wp","href":"https:\/\/api.w.org\/{rel}","templated":true}]}}